{"id":8926,"date":"2023-02-02T11:05:10","date_gmt":"2023-02-02T11:05:10","guid":{"rendered":"https:\/\/gordanaspoljart.hr\/?page_id=8926"},"modified":"2023-11-23T14:06:14","modified_gmt":"2023-11-23T14:06:14","slug":"okrhak-memorije-ii-zagreb","status":"publish","type":"page","link":"https:\/\/gordanaspoljart.hr\/en\/biografija\/okrhak-memorije-ii-zagreb\/","title":{"rendered":"Okrhak memorije II Zagreb"},"content":{"rendered":"<p>[et_pb_section fb_built=&#8221;1&#8243; _builder_version=&#8221;4.16&#8243; _module_preset=&#8221;default&#8221; background_color=&#8221;RGBA(255,255,255,0)&#8221; locked=&#8221;off&#8221; global_colors_info=&#8221;{}&#8221;][et_pb_row _builder_version=&#8221;4.16&#8243; _module_preset=&#8221;default&#8221; locked=&#8221;off&#8221; global_colors_info=&#8221;{}&#8221;][et_pb_column type=&#8221;4_4&#8243; _builder_version=&#8221;4.16&#8243; _module_preset=&#8221;default&#8221; global_colors_info=&#8221;{}&#8221;][et_pb_text _builder_version=&#8221;4.18.0&#8243; _module_preset=&#8221;default&#8221; text_font=&#8221;Open Sans||||||||&#8221; text_text_color=&#8221;#666666&#8243; text_font_size=&#8221;24px&#8221; text_letter_spacing=&#8221;-1px&#8221; text_line_height=&#8221;1.3em&#8221; header_font=&#8221;|700||on|||||&#8221; header_text_align=&#8221;left&#8221; header_text_color=&#8221;rgba(0,0,0,0.35)&#8221; header_font_size=&#8221;16px&#8221; header_letter_spacing=&#8221;5px&#8221; header_line_height=&#8221;2em&#8221; header_2_font=&#8221;Libre Baskerville|500|||||||&#8221; header_2_text_align=&#8221;left&#8221; header_2_font_size=&#8221;56px&#8221; header_2_letter_spacing=&#8221;-2px&#8221; header_2_line_height=&#8221;1.3em&#8221; header_3_font=&#8221;|700||on|||||&#8221; header_3_text_align=&#8221;left&#8221; header_3_text_color=&#8221;rgba(0,0,0,0.35)&#8221; header_3_font_size=&#8221;16px&#8221; header_3_letter_spacing=&#8221;5px&#8221; header_3_line_height=&#8221;2em&#8221; text_font_size_tablet=&#8221;24px&#8221; text_font_size_phone=&#8221;20px&#8221; text_font_size_last_edited=&#8221;on|phone&#8221; header_font_size_tablet=&#8221;56px&#8221; header_font_size_phone=&#8221;48px&#8221; header_font_size_last_edited=&#8221;on|phone&#8221; header_2_font_size_tablet=&#8221;40px&#8221; header_2_font_size_phone=&#8221;26px&#8221; header_2_font_size_last_edited=&#8221;on|phone&#8221; global_colors_info=&#8221;{}&#8221;]<\/p>\n<h1><a href=\"https:\/\/gordanaspoljart.hr\/izlozbe\/\">Izlo\u017ebe<\/a><\/h1>\n<h2>Okrhak memorije II<\/h2>\n<p>Galerija Prsten<span>\u00a0\/ Dom HDLU \u2013 Me\u0161trovi\u0107ev paviljon, Zagreb<\/span> (2023.)<\/p>\n<p>[\/et_pb_text][\/et_pb_column][\/et_pb_row][et_pb_row _builder_version=&#8221;4.16&#8243; _module_preset=&#8221;default&#8221; locked=&#8221;off&#8221; global_colors_info=&#8221;{}&#8221;][et_pb_column type=&#8221;4_4&#8243; _builder_version=&#8221;4.16&#8243; _module_preset=&#8221;default&#8221; global_colors_info=&#8221;{}&#8221;][et_pb_video src=&#8221;https:\/\/www.youtube.com\/watch?v=nBxXCQj0Kc8&#038;t=18s&#8221; image_src=&#8221;\/\/i.ytimg.com\/vi\/nBxXCQj0Kc8\/hqdefault.jpg&#8221; _builder_version=&#8221;4.19.5&#8243; _module_preset=&#8221;default&#8221; global_colors_info=&#8221;{}&#8221;][\/et_pb_video][\/et_pb_column][\/et_pb_row][et_pb_row column_structure=&#8221;3_5,2_5&#8243; _builder_version=&#8221;4.16&#8243; _module_preset=&#8221;default&#8221; locked=&#8221;off&#8221; global_colors_info=&#8221;{}&#8221;][et_pb_column type=&#8221;3_5&#8243; _builder_version=&#8221;4.16&#8243; _module_preset=&#8221;default&#8221; global_colors_info=&#8221;{}&#8221;][et_pb_text _builder_version=&#8221;4.23.1&#8243; _module_preset=&#8221;default&#8221; text_font_size=&#8221;16px&#8221; hover_enabled=&#8221;0&#8243; global_colors_info=&#8221;{}&#8221; sticky_enabled=&#8221;0&#8243;]<\/p>\n<p class=\"p1\">Videozapis o izlo\u017ebi <i>Okrhak memorije II<\/i>, koja je odr\u017eana u Galeriji Prsten &#8211; Me\u0161trovi\u0107evu paviljonu u Zagrebu.<\/p>\n<p class=\"p1\">Velja\u010da 2023. (Nexus produkcija)<\/p>\n<p>[\/et_pb_text][\/et_pb_column][et_pb_column type=&#8221;2_5&#8243; _builder_version=&#8221;4.16&#8243; _module_preset=&#8221;default&#8221; global_colors_info=&#8221;{}&#8221;][\/et_pb_column][\/et_pb_row][\/et_pb_section][et_pb_section fb_built=&#8221;1&#8243; _builder_version=&#8221;4.16&#8243; _module_preset=&#8221;default&#8221; background_color=&#8221;#f9f9f9&#8243; global_colors_info=&#8221;{}&#8221;][et_pb_row _builder_version=&#8221;4.18.0&#8243; _module_preset=&#8221;default&#8221; global_colors_info=&#8221;{}&#8221;][et_pb_column type=&#8221;4_4&#8243; _builder_version=&#8221;4.18.0&#8243; _module_preset=&#8221;default&#8221; global_colors_info=&#8221;{}&#8221;][et_pb_gallery gallery_ids=&#8221;8929,8930,8931,8932,8933,8934,8935,8936,8937,8938,8939,8940,8941,8942,8943,8944,8945,8946,8947,8948,8949,8950,8951,8952,8953,8954,8955,8956,8957,8958,8959,8960,8961,8962,8963,8964,8965,8966,8967,8968&#8243; posts_number=&#8221;40&#8243; orientation=&#8221;portrait&#8221; show_title_and_caption=&#8221;off&#8221; zoom_icon_color=&#8221;RGBA(255,255,255,0)&#8221; hover_overlay_color=&#8221;rgba(255,255,255,0.5)&#8221; _builder_version=&#8221;4.19.4&#8243; _module_preset=&#8221;default&#8221; global_colors_info=&#8221;{}&#8221;][\/et_pb_gallery][\/et_pb_column][\/et_pb_row][et_pb_row column_structure=&#8221;2_3,1_3&#8243; _builder_version=&#8221;4.16&#8243; _module_preset=&#8221;default&#8221; custom_margin=&#8221;48px||||false|false&#8221; locked=&#8221;off&#8221; global_colors_info=&#8221;{}&#8221;][et_pb_column type=&#8221;2_3&#8243; _builder_version=&#8221;4.16&#8243; _module_preset=&#8221;default&#8221; global_colors_info=&#8221;{}&#8221;][et_pb_image src=&#8221;https:\/\/gordanaspoljart.hr\/wp-content\/uploads\/2023\/02\/hdlu-vuglac-16.jpg&#8221; alt=&#8221;Okrhak memorije II Zagreb (17)&#8221; title_text=&#8221;Okrhak memorije II Zagreb (17)&#8221; _builder_version=&#8221;4.19.5&#8243; _module_preset=&#8221;default&#8221; global_colors_info=&#8221;{}&#8221;][\/et_pb_image][\/et_pb_column][et_pb_column type=&#8221;1_3&#8243; _builder_version=&#8221;4.16&#8243; _module_preset=&#8221;default&#8221; global_colors_info=&#8221;{}&#8221;][et_pb_cta title=&#8221;Deplijan Okrhak memorije II &#8211; HDLU&#8221; button_text=&#8221;Click Here&#8221; _builder_version=&#8221;4.19.5&#8243; _module_preset=&#8221;default&#8221; header_level=&#8221;h3&#8243; header_font=&#8221;|700|||||||&#8221; header_font_size=&#8221;19px&#8221; header_line_height=&#8221;1.3em&#8221; body_font=&#8221;||||||||&#8221; background_color=&#8221;#ffffff&#8221; custom_button=&#8221;on&#8221; button_text_size=&#8221;14px&#8221; button_text_color=&#8221;#000000&#8243; button_bg_color=&#8221;rgba(0,0,0,0)&#8221; button_bg_color_gradient_stops=&#8221;#ffffff 90%|#000000 100%&#8221; button_bg_color_gradient_start=&#8221;#ffffff&#8221; button_bg_color_gradient_start_position=&#8221;90%&#8221; button_bg_color_gradient_end=&#8221;#000000&#8243; button_border_width=&#8221;0px&#8221; button_border_radius=&#8221;0px&#8221; button_letter_spacing=&#8221;0px&#8221; button_font=&#8221;|700|||||||&#8221; button_custom_padding=&#8221;|0px||0px||true&#8221; transform_translate_linked=&#8221;off&#8221; vertical_offset=&#8221;289px&#8221; z_index=&#8221;-8&#8243; text_orientation=&#8221;left&#8221; background_layout=&#8221;light&#8221; max_width_tablet=&#8221;100%&#8221; max_width_phone=&#8221;90%&#8221; max_width_last_edited=&#8221;on|phone&#8221; custom_margin=&#8221;40px||100px|-130px|false|false&#8221; custom_margin_tablet=&#8221;-80px|30px|0px|30px|false|false&#8221; custom_margin_phone=&#8221;-60px|0px||17px|false|false&#8221; custom_margin_last_edited=&#8221;on|tablet&#8221; header_font_size_tablet=&#8221;19px&#8221; header_font_size_phone=&#8221;19px&#8221; header_font_size_last_edited=&#8221;on|desktop&#8221; box_shadow_style=&#8221;preset3&#8243; box_shadow_vertical=&#8221;2px&#8221; box_shadow_blur=&#8221;80px&#8221; box_shadow_spread=&#8221;8px&#8221; box_shadow_color=&#8221;rgba(67,58,122,0.1)&#8221; box_shadow_style_button=&#8221;preset4&#8243; box_shadow_horizontal_button=&#8221;0px&#8221; box_shadow_vertical_button=&#8221;1px&#8221; box_shadow_color_button=&#8221;#000000&#8243; locked=&#8221;off&#8221; global_colors_info=&#8221;{}&#8221;]<\/p>\n<p>Prelistajte depilijan &#8220;Okrhak memorije II &#8211; HDLU&#8221;.<\/p>\n<p>[\/et_pb_cta][et_pb_code _builder_version=&#8221;4.16&#8243; _module_preset=&#8221;default&#8221; global_colors_info=&#8221;{}&#8221;][\/et_pb_code][et_pb_code module_class=&#8221;pdf-book&#8221; _builder_version=&#8221;4.19.5&#8243; _module_preset=&#8221;default&#8221; background_color=&#8221;#FFFFFF&#8221; positioning=&#8221;relative&#8221; vertical_offset=&#8221;-128px&#8221; horizontal_offset=&#8221;7%&#8221; vertical_offset_tablet=&#8221;-64px&#8221; vertical_offset_phone=&#8221;-64px&#8221; vertical_offset_last_edited=&#8221;on|phone&#8221; horizontal_offset_tablet=&#8221;40%&#8221; horizontal_offset_phone=&#8221;29%&#8221; horizontal_offset_last_edited=&#8221;on|tablet&#8221; width=&#8221;100%&#8221; max_width=&#8221;50%&#8221; max_width_tablet=&#8221;21%&#8221; max_width_phone=&#8221;40%&#8221; max_width_last_edited=&#8221;on|phone&#8221; custom_margin=&#8221;||||false|false&#8221; custom_padding=&#8221;16px|16px|16px|16px|false|false&#8221; border_radii=&#8221;on|8px|8px|8px|8px&#8221; box_shadow_style=&#8221;preset2&#8243; box_shadow_horizontal=&#8221;0px&#8221; box_shadow_vertical=&#8221;4px&#8221; box_shadow_blur=&#8221;20px&#8221; box_shadow_spread=&#8221;-3px&#8221; locked=&#8221;off&#8221; global_colors_info=&#8221;{}&#8221;]<div class=\"_3d-flip-book  fb3d-thumbnail-lightbox-mode\" data-id=\"8989\" data-mode=\"thumbnail-lightbox\" data-title=\"false\" data-template=\"short-white-book-view\" data-lightbox=\"dark-shadow\" data-urlparam=\"fb3d-page\" data-page-n=\"0\" data-pdf=\"\" data-tax=\"null\" data-thumbnail=\"\" data-cols=\"3\" data-book-template=\"default\" data-trigger=\"\"><\/div><script type=\"text\/javascript\">window.FB3D_CLIENT_DATA = window.FB3D_CLIENT_DATA || [];FB3D_CLIENT_DATA.push('eyJwb3N0cyI6eyI4OTg5Ijp7IklEIjo4OTg5LCJ0aXRsZSI6IkRlcGlsaWphbiBPa3JoYWsgbWVtb3JpamUgSUkgLSBIRExVIiwidHlwZSI6InBkZiIsInJlYWR5X2Z1bmN0aW9uIjoiIiwiYm9va19zdHlsZSI6ImZsYXQiLCJib29rX3RlbXBsYXRlIjoibm9uZSIsIm91dGxpbmUiOltdLCJkYXRhIjp7InBvc3RfSUQiOiI4OTkwIiwiZ3VpZCI6Imh0dHBzOlwvXC9nb3JkYW5hc3BvbGphcnQuaHJcL3dwLWNvbnRlbnRcL3VwbG9hZHNcLzIwMjNcLzAzXC9EZXBsaWphbi1oZGx1LnBkZiIsInBkZl9wYWdlcyI6IjIiLCJwYWdlc19jdXN0b21pemF0aW9uIjoibm9uZSJ9LCJ0aHVtYm5haWwiOnsiZGF0YSI6eyJwb3N0X0lEIjoiMCJ9LCJ0eXBlIjoiYXV0byJ9LCJwcm9wcyI6eyJiYWNrZ3JvdW5kQ29sb3IiOiJhdXRvIiwiYmFja2dyb3VuZEltYWdlIjoiYXV0byIsImJhY2tncm91bmRTdHlsZSI6ImF1dG8iLCJoaWdobGlnaHRMaW5rcyI6ImF1dG8iLCJsaWdodGluZyI6ImF1dG8iLCJjYWNoZWRQYWdlcyI6ImF1dG8iLCJyZW5kZXJJbmFjdGl2ZVBhZ2VzIjoiYXV0byIsInJlbmRlckluYWN0aXZlUGFnZXNPbk1vYmlsZSI6ImF1dG8iLCJyZW5kZXJXaGlsZUZsaXBwaW5nIjoiYXV0byIsInByZWxvYWRQYWdlcyI6ImF1dG8iLCJhdXRvUGxheUR1cmF0aW9uIjoiYXV0byIsInJ0bCI6ImF1dG8iLCJpbnRlcmFjdGl2ZUNvcm5lcnMiOiJhdXRvIiwibWF4RGVwdGgiOiJhdXRvIiwic2hlZXQiOnsic3RhcnRWZWxvY2l0eSI6ImF1dG8iLCJ3YXZlIjoiYXV0byIsInNoYXBlIjoiYXV0byIsIndpZHRoVGV4ZWxzIjoiYXV0byIsImNvbG9yIjoiYXV0byIsInNpZGUiOiJhdXRvIiwiY29ybmVyRGV2aWF0aW9uIjoiYXV0byIsImZsZXhpYmlsaXR5IjoiYXV0byIsImZsZXhpYmxlQ29ybmVyIjoiYXV0byIsImJlbmRpbmciOiJhdXRvIiwiaGVpZ2h0VGV4ZWxzIjoiYXV0byJ9LCJjb3ZlciI6eyJ3YXZlIjoiYXV0byIsImNvbG9yIjoiYXV0byIsInNpZGUiOiJhdXRvIiwiYmluZGVyVGV4dHVyZSI6ImF1dG8iLCJkZXB0aCI6ImF1dG8iLCJwYWRkaW5nIjoiYXV0byIsInN0YXJ0VmVsb2NpdHkiOiJhdXRvIiwiZmxleGliaWxpdHkiOiJhdXRvIiwiZmxleGlibGVDb3JuZXIiOiJhdXRvIiwiYmVuZGluZyI6ImF1dG8iLCJ3aWR0aFRleGVscyI6ImF1dG8iLCJoZWlnaHRUZXhlbHMiOiJhdXRvIiwibWFzcyI6ImF1dG8iLCJzaGFwZSI6ImF1dG8ifSwicGFnZSI6eyJ3YXZlIjoiYXV0byIsImNvbG9yIjoiYXV0byIsInNpZGUiOiJhdXRvIiwiZGVwdGgiOiJhdXRvIiwic3RhcnRWZWxvY2l0eSI6ImF1dG8iLCJmbGV4aWJpbGl0eSI6ImF1dG8iLCJmbGV4aWJsZUNvcm5lciI6ImF1dG8iLCJiZW5kaW5nIjoiYXV0byIsIndpZHRoVGV4ZWxzIjoiYXV0byIsImhlaWdodFRleGVscyI6ImF1dG8iLCJtYXNzIjoiYXV0byIsInNoYXBlIjoiYXV0byJ9LCJoZWlnaHQiOiJhdXRvIiwid2lkdGgiOiJhdXRvIiwiZ3Jhdml0eSI6ImF1dG8iLCJwYWdlc0ZvclByZWRpY3RpbmciOiJhdXRvIn0sImNvbnRyb2xQcm9wcyI6eyJhY3Rpb25zIjp7ImNtZFRvYyI6eyJlbmFibGVkIjoiYXV0byIsImVuYWJsZWRJbk5hcnJvdyI6ImF1dG8iLCJhY3RpdmUiOiJhdXRvIiwiZGVmYXVsdFRhYiI6ImF1dG8ifSwiY21kQXV0b1BsYXkiOnsiZW5hYmxlZCI6ImF1dG8iLCJlbmFibGVkSW5OYXJyb3ciOiJhdXRvIiwiYWN0aXZlIjoiYXV0byJ9LCJjbWRTYXZlIjp7ImVuYWJsZWQiOiJhdXRvIiwiZW5hYmxlZEluTmFycm93IjoiYXV0byJ9LCJjbWRQcmludCI6eyJlbmFibGVkIjoiYXV0byIsImVuYWJsZWRJbk5hcnJvdyI6ImF1dG8ifSwiY21kU2luZ2xlUGFnZSI6eyJlbmFibGVkIjoiYXV0byIsImVuYWJsZWRJbk5hcnJvdyI6ImF1dG8iLCJhY3RpdmUiOiJhdXRvIiwiYWN0aXZlRm9yTW9iaWxlIjoiYXV0byJ9LCJ3aWRUb29sYmFyIjp7ImVuYWJsZWQiOiJhdXRvIiwiZW5hYmxlZEluTmFycm93IjoiYXV0byJ9fX0sImF1dG9UaHVtYm5haWwiOiJodHRwczpcL1wvZ29yZGFuYXNwb2xqYXJ0LmhyXC93cC1jb250ZW50XC91cGxvYWRzXC8zZC1mbGlwLWJvb2tcL2F1dG8tdGh1bWJuYWlsc1wvODk4OS5wbmciLCJwb3N0X25hbWUiOiJkZXBpbGlqYW4tb2tyaGFrLW1lbW9yaWplLWlpLWhkbHUiLCJwb3N0X3R5cGUiOiIzZC1mbGlwLWJvb2sifX0sInBhZ2VzIjpbXSwiZmlyc3RQYWdlcyI6W119');window.FB3D_CLIENT_LOCALE && FB3D_CLIENT_LOCALE.render && FB3D_CLIENT_LOCALE.render();<\/script><!-- [et_pb_line_break_holder] -->Pro\u010ditaj[\/et_pb_code][\/et_pb_column][\/et_pb_row][\/et_pb_section]<\/p>\n","protected":false},"excerpt":{"rendered":"<p>Izlo\u017ebe Okrhak memorije II Galerija Prsten\u00a0\/ Dom HDLU \u2013 Me\u0161trovi\u0107ev paviljon, Zagreb (2023.)Videozapis o izlo\u017ebi Okrhak memorije II, koja je odr\u017eana u Galeriji Prsten &#8211; Me\u0161trovi\u0107evu paviljonu u Zagrebu. Velja\u010da 2023. (Nexus produkcija)Prelistajte depilijan &#8220;Okrhak memorije II &#8211; HDLU&#8221;.<div class=\"_3d-flip-book  fb3d-thumbnail-lightbox-mode\" data-id=\"8989\" data-mode=\"thumbnail-lightbox\" data-title=\"false\" data-template=\"short-white-book-view\" data-lightbox=\"dark-shadow\" data-urlparam=\"fb3d-page\" data-page-n=\"0\" data-pdf=\"\" data-tax=\"null\" data-thumbnail=\"\" data-cols=\"3\" data-book-template=\"default\" data-trigger=\"\"><\/div><script type=\"text\/javascript\">window.FB3D_CLIENT_DATA = window.FB3D_CLIENT_DATA || [];FB3D_CLIENT_DATA.push('eyJwb3N0cyI6eyI4OTg5Ijp7IklEIjo4OTg5LCJ0aXRsZSI6IkRlcGlsaWphbiBPa3JoYWsgbWVtb3JpamUgSUkgLSBIRExVIiwidHlwZSI6InBkZiIsInJlYWR5X2Z1bmN0aW9uIjoiIiwiYm9va19zdHlsZSI6ImZsYXQiLCJib29rX3RlbXBsYXRlIjoibm9uZSIsIm91dGxpbmUiOltdLCJkYXRhIjp7InBvc3RfSUQiOiI4OTkwIiwiZ3VpZCI6Imh0dHBzOlwvXC9nb3JkYW5hc3BvbGphcnQuaHJcL3dwLWNvbnRlbnRcL3VwbG9hZHNcLzIwMjNcLzAzXC9EZXBsaWphbi1oZGx1LnBkZiIsInBkZl9wYWdlcyI6IjIiLCJwYWdlc19jdXN0b21pemF0aW9uIjoibm9uZSJ9LCJ0aHVtYm5haWwiOnsiZGF0YSI6eyJwb3N0X0lEIjoiMCJ9LCJ0eXBlIjoiYXV0byJ9LCJwcm9wcyI6eyJiYWNrZ3JvdW5kQ29sb3IiOiJhdXRvIiwiYmFja2dyb3VuZEltYWdlIjoiYXV0byIsImJhY2tncm91bmRTdHlsZSI6ImF1dG8iLCJoaWdobGlnaHRMaW5rcyI6ImF1dG8iLCJsaWdodGluZyI6ImF1dG8iLCJjYWNoZWRQYWdlcyI6ImF1dG8iLCJyZW5kZXJJbmFjdGl2ZVBhZ2VzIjoiYXV0byIsInJlbmRlckluYWN0aXZlUGFnZXNPbk1vYmlsZSI6ImF1dG8iLCJyZW5kZXJXaGlsZUZsaXBwaW5nIjoiYXV0byIsInByZWxvYWRQYWdlcyI6ImF1dG8iLCJhdXRvUGxheUR1cmF0aW9uIjoiYXV0byIsInJ0bCI6ImF1dG8iLCJpbnRlcmFjdGl2ZUNvcm5lcnMiOiJhdXRvIiwibWF4RGVwdGgiOiJhdXRvIiwic2hlZXQiOnsic3RhcnRWZWxvY2l0eSI6ImF1dG8iLCJ3YXZlIjoiYXV0byIsInNoYXBlIjoiYXV0byIsIndpZHRoVGV4ZWxzIjoiYXV0byIsImNvbG9yIjoiYXV0byIsInNpZGUiOiJhdXRvIiwiY29ybmVyRGV2aWF0aW9uIjoiYXV0byIsImZsZXhpYmlsaXR5IjoiYXV0byIsImZsZXhpYmxlQ29ybmVyIjoiYXV0byIsImJlbmRpbmciOiJhdXRvIiwiaGVpZ2h0VGV4ZWxzIjoiYXV0byJ9LCJjb3ZlciI6eyJ3YXZlIjoiYXV0byIsImNvbG9yIjoiYXV0byIsInNpZGUiOiJhdXRvIiwiYmluZGVyVGV4dHVyZSI6ImF1dG8iLCJkZXB0aCI6ImF1dG8iLCJwYWRkaW5nIjoiYXV0byIsInN0YXJ0VmVsb2NpdHkiOiJhdXRvIiwiZmxleGliaWxpdHkiOiJhdXRvIiwiZmxleGlibGVDb3JuZXIiOiJhdXRvIiwiYmVuZGluZyI6ImF1dG8iLCJ3aWR0aFRleGVscyI6ImF1dG8iLCJoZWlnaHRUZXhlbHMiOiJhdXRvIiwibWFzcyI6ImF1dG8iLCJzaGFwZSI6ImF1dG8ifSwicGFnZSI6eyJ3YXZlIjoiYXV0byIsImNvbG9yIjoiYXV0byIsInNpZGUiOiJhdXRvIiwiZGVwdGgiOiJhdXRvIiwic3RhcnRWZWxvY2l0eSI6ImF1dG8iLCJmbGV4aWJpbGl0eSI6ImF1dG8iLCJmbGV4aWJsZUNvcm5lciI6ImF1dG8iLCJiZW5kaW5nIjoiYXV0byIsIndpZHRoVGV4ZWxzIjoiYXV0byIsImhlaWdodFRleGVscyI6ImF1dG8iLCJtYXNzIjoiYXV0byIsInNoYXBlIjoiYXV0byJ9LCJoZWlnaHQiOiJhdXRvIiwid2lkdGgiOiJhdXRvIiwiZ3Jhdml0eSI6ImF1dG8iLCJwYWdlc0ZvclByZWRpY3RpbmciOiJhdXRvIn0sImNvbnRyb2xQcm9wcyI6eyJhY3Rpb25zIjp7ImNtZFRvYyI6eyJlbmFibGVkIjoiYXV0byIsImVuYWJsZWRJbk5hcnJvdyI6ImF1dG8iLCJhY3RpdmUiOiJhdXRvIiwiZGVmYXVsdFRhYiI6ImF1dG8ifSwiY21kQXV0b1BsYXkiOnsiZW5hYmxlZCI6ImF1dG8iLCJlbmFibGVkSW5OYXJyb3ciOiJhdXRvIiwiYWN0aXZlIjoiYXV0byJ9LCJjbWRTYXZlIjp7ImVuYWJsZWQiOiJhdXRvIiwiZW5hYmxlZEluTmFycm93IjoiYXV0byJ9LCJjbWRQcmludCI6eyJlbmFibGVkIjoiYXV0byIsImVuYWJsZWRJbk5hcnJvdyI6ImF1dG8ifSwiY21kU2luZ2xlUGFnZSI6eyJlbmFibGVkIjoiYXV0byIsImVuYWJsZWRJbk5hcnJvdyI6ImF1dG8iLCJhY3RpdmUiOiJhdXRvIiwiYWN0aXZlRm9yTW9iaWxlIjoiYXV0byJ9LCJ3aWRUb29sYmFyIjp7ImVuYWJsZWQiOiJhdXRvIiwiZW5hYmxlZEluTmFycm93IjoiYXV0byJ9fX0sImF1dG9UaHVtYm5haWwiOiJodHRwczpcL1wvZ29yZGFuYXNwb2xqYXJ0LmhyXC93cC1jb250ZW50XC91cGxvYWRzXC8zZC1mbGlwLWJvb2tcL2F1dG8tdGh1bWJuYWlsc1wvODk4OS5wbmciLCJwb3N0X25hbWUiOiJkZXBpbGlqYW4tb2tyaGFrLW1lbW9yaWplLWlpLWhkbHUiLCJwb3N0X3R5cGUiOiIzZC1mbGlwLWJvb2sifX0sInBhZ2VzIjpbXSwiZmlyc3RQYWdlcyI6W119');window.FB3D_CLIENT_LOCALE && FB3D_CLIENT_LOCALE.render && FB3D_CLIENT_LOCALE.render();<\/script>Read<\/p>","protected":false},"author":1,"featured_media":0,"parent":63,"menu_order":6,"comment_status":"closed","ping_status":"closed","template":"","meta":{"_et_pb_use_builder":"on","_et_pb_old_content":"","_et_gb_content_width":"","footnotes":""},"class_list":["post-8926","page","type-page","status-publish","hentry"],"yoast_head":"<!-- This site is optimized with the Yoast SEO plugin v27.4 - https:\/\/yoast.com\/product\/yoast-seo-wordpress\/ -->\n<title>Okrhak memorije II Zagreb - Gordana \u0160poljar Andra\u0161i\u0107<\/title>\n<meta name=\"robots\" content=\"index, follow, max-snippet:-1, max-image-preview:large, max-video-preview:-1\" \/>\n<link rel=\"canonical\" href=\"https:\/\/gordanaspoljart.hr\/en\/biografija\/okrhak-memorije-ii-zagreb\/\" \/>\n<meta property=\"og:locale\" content=\"en_US\" \/>\n<meta property=\"og:type\" content=\"article\" \/>\n<meta property=\"og:title\" content=\"Okrhak memorije II Zagreb - Gordana \u0160poljar Andra\u0161i\u0107\" \/>\n<meta property=\"og:description\" content=\"Izlo\u017ebe Okrhak memorije II Galerija Prsten\u00a0\/ Dom HDLU \u2013 Me\u0161trovi\u0107ev paviljon, Zagreb (2023.)Videozapis o izlo\u017ebi Okrhak memorije II, koja je odr\u017eana u Galeriji Prsten - Me\u0161trovi\u0107evu paviljonu u Zagrebu. Velja\u010da 2023. (Nexus produkcija)Prelistajte depilijan &quot;Okrhak memorije II - HDLU&quot;.Pro\u010ditaj\" \/>\n<meta property=\"og:url\" content=\"https:\/\/gordanaspoljart.hr\/en\/biografija\/okrhak-memorije-ii-zagreb\/\" \/>\n<meta property=\"og:site_name\" content=\"Gordana \u0160poljar Andra\u0161i\u0107\" \/>\n<meta property=\"article:publisher\" content=\"https:\/\/www.facebook.com\/gordana.spoljarandrasic\" \/>\n<meta property=\"article:modified_time\" content=\"2023-11-23T14:06:14+00:00\" \/>\n<meta property=\"og:image\" content=\"https:\/\/gordanaspoljart.hr\/wp-content\/uploads\/2022\/02\/kontakt-home-1.jpg\" \/>\n\t<meta property=\"og:image:width\" content=\"1440\" \/>\n\t<meta property=\"og:image:height\" content=\"960\" \/>\n\t<meta property=\"og:image:type\" content=\"image\/jpeg\" \/>\n<meta name=\"twitter:card\" content=\"summary_large_image\" \/>\n<script type=\"application\/ld+json\" class=\"yoast-schema-graph\">{\"@context\":\"https:\\\/\\\/schema.org\",\"@graph\":[{\"@type\":\"WebPage\",\"@id\":\"https:\\\/\\\/gordanaspoljart.hr\\\/biografija\\\/okrhak-memorije-ii-zagreb\\\/\",\"url\":\"https:\\\/\\\/gordanaspoljart.hr\\\/biografija\\\/okrhak-memorije-ii-zagreb\\\/\",\"name\":\"Okrhak memorije II Zagreb - Gordana \u0160poljar Andra\u0161i\u0107\",\"isPartOf\":{\"@id\":\"https:\\\/\\\/gordanaspoljart.hr\\\/#website\"},\"datePublished\":\"2023-02-02T11:05:10+00:00\",\"dateModified\":\"2023-11-23T14:06:14+00:00\",\"breadcrumb\":{\"@id\":\"https:\\\/\\\/gordanaspoljart.hr\\\/biografija\\\/okrhak-memorije-ii-zagreb\\\/#breadcrumb\"},\"inLanguage\":\"en-US\",\"potentialAction\":[{\"@type\":\"ReadAction\",\"target\":[\"https:\\\/\\\/gordanaspoljart.hr\\\/biografija\\\/okrhak-memorije-ii-zagreb\\\/\"]}]},{\"@type\":\"BreadcrumbList\",\"@id\":\"https:\\\/\\\/gordanaspoljart.hr\\\/biografija\\\/okrhak-memorije-ii-zagreb\\\/#breadcrumb\",\"itemListElement\":[{\"@type\":\"ListItem\",\"position\":1,\"name\":\"Home\",\"item\":\"https:\\\/\\\/gordanaspoljart.hr\\\/\"},{\"@type\":\"ListItem\",\"position\":2,\"name\":\"Biografija\",\"item\":\"https:\\\/\\\/gordanaspoljart.hr\\\/biografija\\\/\"},{\"@type\":\"ListItem\",\"position\":3,\"name\":\"Okrhak memorije II Zagreb\"}]},{\"@type\":\"WebSite\",\"@id\":\"https:\\\/\\\/gordanaspoljart.hr\\\/#website\",\"url\":\"https:\\\/\\\/gordanaspoljart.hr\\\/\",\"name\":\"Gordana \u0160poljar Andra\u0161i\u0107\",\"description\":\"Umjetni\u010dka djela - Izlo\u017ebe - Art\",\"publisher\":{\"@id\":\"https:\\\/\\\/gordanaspoljart.hr\\\/#organization\"},\"potentialAction\":[{\"@type\":\"SearchAction\",\"target\":{\"@type\":\"EntryPoint\",\"urlTemplate\":\"https:\\\/\\\/gordanaspoljart.hr\\\/?s={search_term_string}\"},\"query-input\":{\"@type\":\"PropertyValueSpecification\",\"valueRequired\":true,\"valueName\":\"search_term_string\"}}],\"inLanguage\":\"en-US\"},{\"@type\":\"Organization\",\"@id\":\"https:\\\/\\\/gordanaspoljart.hr\\\/#organization\",\"name\":\"Gordana \u0160poljar Andra\u0161i\u0107\",\"url\":\"https:\\\/\\\/gordanaspoljart.hr\\\/\",\"logo\":{\"@type\":\"ImageObject\",\"inLanguage\":\"en-US\",\"@id\":\"https:\\\/\\\/gordanaspoljart.hr\\\/#\\\/schema\\\/logo\\\/image\\\/\",\"url\":\"https:\\\/\\\/gordanaspoljart.hr\\\/wp-content\\\/uploads\\\/2022\\\/02\\\/logo-new.png\",\"contentUrl\":\"https:\\\/\\\/gordanaspoljart.hr\\\/wp-content\\\/uploads\\\/2022\\\/02\\\/logo-new.png\",\"width\":700,\"height\":180,\"caption\":\"Gordana \u0160poljar Andra\u0161i\u0107\"},\"image\":{\"@id\":\"https:\\\/\\\/gordanaspoljart.hr\\\/#\\\/schema\\\/logo\\\/image\\\/\"},\"sameAs\":[\"https:\\\/\\\/www.facebook.com\\\/gordana.spoljarandrasic\",\"https:\\\/\\\/www.instagram.com\\\/rad_i_ona_art\\\/\"]}]}<\/script>\n<!-- \/ Yoast SEO plugin. -->","yoast_head_json":{"title":"Okrhak memorije II Zagreb - Gordana \u0160poljar Andra\u0161i\u0107","robots":{"index":"index","follow":"follow","max-snippet":"max-snippet:-1","max-image-preview":"max-image-preview:large","max-video-preview":"max-video-preview:-1"},"canonical":"https:\/\/gordanaspoljart.hr\/en\/biografija\/okrhak-memorije-ii-zagreb\/","og_locale":"en_US","og_type":"article","og_title":"Okrhak memorije II Zagreb - Gordana \u0160poljar Andra\u0161i\u0107","og_description":"Izlo\u017ebe Okrhak memorije II Galerija Prsten\u00a0\/ Dom HDLU \u2013 Me\u0161trovi\u0107ev paviljon, Zagreb (2023.)Videozapis o izlo\u017ebi Okrhak memorije II, koja je odr\u017eana u Galeriji Prsten - Me\u0161trovi\u0107evu paviljonu u Zagrebu. Velja\u010da 2023. (Nexus produkcija)Prelistajte depilijan \"Okrhak memorije II - HDLU\".Pro\u010ditaj","og_url":"https:\/\/gordanaspoljart.hr\/en\/biografija\/okrhak-memorije-ii-zagreb\/","og_site_name":"Gordana \u0160poljar Andra\u0161i\u0107","article_publisher":"https:\/\/www.facebook.com\/gordana.spoljarandrasic","article_modified_time":"2023-11-23T14:06:14+00:00","og_image":[{"width":1440,"height":960,"url":"https:\/\/gordanaspoljart.hr\/wp-content\/uploads\/2022\/02\/kontakt-home-1.jpg","type":"image\/jpeg"}],"twitter_card":"summary_large_image","schema":{"@context":"https:\/\/schema.org","@graph":[{"@type":"WebPage","@id":"https:\/\/gordanaspoljart.hr\/biografija\/okrhak-memorije-ii-zagreb\/","url":"https:\/\/gordanaspoljart.hr\/biografija\/okrhak-memorije-ii-zagreb\/","name":"Okrhak memorije II Zagreb - Gordana \u0160poljar Andra\u0161i\u0107","isPartOf":{"@id":"https:\/\/gordanaspoljart.hr\/#website"},"datePublished":"2023-02-02T11:05:10+00:00","dateModified":"2023-11-23T14:06:14+00:00","breadcrumb":{"@id":"https:\/\/gordanaspoljart.hr\/biografija\/okrhak-memorije-ii-zagreb\/#breadcrumb"},"inLanguage":"en-US","potentialAction":[{"@type":"ReadAction","target":["https:\/\/gordanaspoljart.hr\/biografija\/okrhak-memorije-ii-zagreb\/"]}]},{"@type":"BreadcrumbList","@id":"https:\/\/gordanaspoljart.hr\/biografija\/okrhak-memorije-ii-zagreb\/#breadcrumb","itemListElement":[{"@type":"ListItem","position":1,"name":"Home","item":"https:\/\/gordanaspoljart.hr\/"},{"@type":"ListItem","position":2,"name":"Biografija","item":"https:\/\/gordanaspoljart.hr\/biografija\/"},{"@type":"ListItem","position":3,"name":"Okrhak memorije II Zagreb"}]},{"@type":"WebSite","@id":"https:\/\/gordanaspoljart.hr\/#website","url":"https:\/\/gordanaspoljart.hr\/","name":"Gordana Spoljar Andrasic","description":"Umjetni\u010dka djela - Izlo\u017ebe - Art","publisher":{"@id":"https:\/\/gordanaspoljart.hr\/#organization"},"potentialAction":[{"@type":"SearchAction","target":{"@type":"EntryPoint","urlTemplate":"https:\/\/gordanaspoljart.hr\/?s={search_term_string}"},"query-input":{"@type":"PropertyValueSpecification","valueRequired":true,"valueName":"search_term_string"}}],"inLanguage":"en-US"},{"@type":"Organization","@id":"https:\/\/gordanaspoljart.hr\/#organization","name":"Gordana Spoljar Andrasic","url":"https:\/\/gordanaspoljart.hr\/","logo":{"@type":"ImageObject","inLanguage":"en-US","@id":"https:\/\/gordanaspoljart.hr\/#\/schema\/logo\/image\/","url":"https:\/\/gordanaspoljart.hr\/wp-content\/uploads\/2022\/02\/logo-new.png","contentUrl":"https:\/\/gordanaspoljart.hr\/wp-content\/uploads\/2022\/02\/logo-new.png","width":700,"height":180,"caption":"Gordana \u0160poljar Andra\u0161i\u0107"},"image":{"@id":"https:\/\/gordanaspoljart.hr\/#\/schema\/logo\/image\/"},"sameAs":["https:\/\/www.facebook.com\/gordana.spoljarandrasic","https:\/\/www.instagram.com\/rad_i_ona_art\/"]}]}},"_links":{"self":[{"href":"https:\/\/gordanaspoljart.hr\/en\/wp-json\/wp\/v2\/pages\/8926","targetHints":{"allow":["GET"]}}],"collection":[{"href":"https:\/\/gordanaspoljart.hr\/en\/wp-json\/wp\/v2\/pages"}],"about":[{"href":"https:\/\/gordanaspoljart.hr\/en\/wp-json\/wp\/v2\/types\/page"}],"author":[{"embeddable":true,"href":"https:\/\/gordanaspoljart.hr\/en\/wp-json\/wp\/v2\/users\/1"}],"replies":[{"embeddable":true,"href":"https:\/\/gordanaspoljart.hr\/en\/wp-json\/wp\/v2\/comments?post=8926"}],"version-history":[{"count":9,"href":"https:\/\/gordanaspoljart.hr\/en\/wp-json\/wp\/v2\/pages\/8926\/revisions"}],"predecessor-version":[{"id":9089,"href":"https:\/\/gordanaspoljart.hr\/en\/wp-json\/wp\/v2\/pages\/8926\/revisions\/9089"}],"up":[{"embeddable":true,"href":"https:\/\/gordanaspoljart.hr\/en\/wp-json\/wp\/v2\/pages\/63"}],"wp:attachment":[{"href":"https:\/\/gordanaspoljart.hr\/en\/wp-json\/wp\/v2\/media?parent=8926"}],"curies":[{"name":"wp","href":"https:\/\/api.w.org\/{rel}","templated":true}]}}